{"id":716,"date":"2024-04-30T21:12:43","date_gmt":"2024-04-30T21:12:43","guid":{"rendered":"https:\/\/habichlaw.com\/attorney-profile\/"},"modified":"2024-05-27T18:36:22","modified_gmt":"2024-05-27T18:36:22","slug":"perfil-del-abogado","status":"publish","type":"page","link":"https:\/\/habichlaw.com\/es\/perfil-del-abogado\/","title":{"rendered":"Acerca de"},"content":{"rendered":"\n<div class=\"wp-block-group page-hero is-home is-layout-flow wp-block-group-is-layout-flow\">\n<div class=\"wp-block-cover\"><span aria-hidden=\"true\" class=\"wp-block-cover__background has-background-dim-0 has-background-dim\" style=\"background-color:#423a35\"><\/span><img loading=\"lazy\" decoding=\"async\" width=\"1920\" height=\"1080\" class=\"wp-block-cover__image-background wp-image-628\" alt=\"\" src=\"https:\/\/habichlaw.com\/wp-content\/uploads\/2024\/05\/about-02.jpg\" style=\"object-position:80% 17%\" data-object-fit=\"cover\" data-object-position=\"80% 17%\" srcset=\"https:\/\/habichlaw.com\/wp-content\/uploads\/2024\/05\/about-02.jpg 1920w, https:\/\/habichlaw.com\/wp-content\/uploads\/2024\/05\/about-02-300x169.jpg 300w, https:\/\/habichlaw.com\/wp-content\/uploads\/2024\/05\/about-02-1024x576.jpg 1024w, https:\/\/habichlaw.com\/wp-content\/uploads\/2024\/05\/about-02-768x432.jpg 768w, https:\/\/habichlaw.com\/wp-content\/uploads\/2024\/05\/about-02-1536x864.jpg 1536w\" sizes=\"auto, (max-width: 1920px) 100vw, 1920px\" \/><div class=\"wp-block-cover__inner-container is-layout-constrained wp-block-cover-is-layout-constrained\">\n<h1 class=\"wp-block-heading has-text-align-center has-large-font-size\">Acerca de Roya D. Habich<\/h1>\n\n\n\n<p>Conozca m\u00e1s sobre Roya Habich y lo que la inspir\u00f3 a convertirse en abogada de inmigraci\u00f3n.<\/p>\n\n\n\n<div class=\"wp-block-buttons is-layout-flex wp-block-buttons-is-layout-flex\" style=\"margin-top:var(--wp--preset--spacing--60)\">\n<div class=\"wp-block-button is-style-phone\"><a class=\"wp-block-button__link has-habich-blue-color has-habich-gold-background-color has-text-color has-background has-link-color wp-element-button\" href=\"tel:602 795 8383\">602 795 8383<\/a><\/div>\n\n\n\n<div class=\"wp-block-button is-style-email\"><a class=\"wp-block-button__link has-habich-blue-color has-habich-gold-background-color has-text-color has-background has-link-color wp-element-button\" href=\"https:\/\/habichlaw.com\/contact\/\">Cont\u00e1ctenos Hoy<\/a><\/div>\n<\/div>\n\n\n<\/div><\/div>\n<\/div>\n\n\n\n<div class=\"wp-block-group title-mobile is-layout-constrained wp-block-group-is-layout-constrained\">\n<div class=\"wp-block-buttons is-layout-flex wp-block-buttons-is-layout-flex\" style=\"margin-top:var(--wp--preset--spacing--60)\">\n<div class=\"wp-block-button is-style-phone\"><a class=\"wp-block-button__link has-habich-blue-color has-habich-gold-background-color has-text-color has-background has-link-color wp-element-button\" href=\"tel:602 795 8383\">602 795 8383<\/a><\/div>\n\n\n\n<div class=\"wp-block-button is-style-email\"><a class=\"wp-block-button__link has-habich-blue-color has-habich-gold-background-color has-text-color has-background has-link-color wp-element-button\" href=\"https:\/\/habichlaw.com\/contact\/\">Contact Us Today<\/a><\/div>\n<\/div>\n\n\n\n<p class=\"has-black-color has-text-color has-link-color wp-elements-0ce20d88b6253a4075b83f3dbbbec589\" style=\"margin-top:var(--wp--preset--spacing--40)\">Learn more about Roya Habich and what inspired her to become an immigration law attorney.<\/p>\n<\/div>\n\n\n\n<div class=\"wp-block-group two-columns-left-text about-section is-layout-flow wp-block-group-is-layout-flow\">\n<div class=\"wp-block-columns is-layout-flex wp-container-core-columns-is-layout-9d6595d7 wp-block-columns-is-layout-flex\">\n<div class=\"wp-block-column left is-layout-flow wp-block-column-is-layout-flow\">\n<h2 class=\"wp-block-heading has-habich-blue-color has-text-color has-link-color wp-elements-13e7f3761dfd9889db41cadc6fa544a2\">Vida Temprana<\/h2>\n\n\n\n<p style=\"margin-top:var(--wp--preset--spacing--40)\">Aunque naci\u00f3 en Memphis, Tennessee, los padres de Roya son originarios del Medio Oriente. Roya ha viajado por el mundo aprendiendo sobre otras culturas, idiomas, personas y comidas. Ha ense\u00f1ado ingl\u00e9s en China y ha estudiado en Turqu\u00eda y Espa\u00f1a. Tambi\u00e9n ha participado en muchos proyectos de servicio comunitario en varios pa\u00edses de Am\u00e9rica Central y Europa del Este.<\/p>\n\n\n\n<p style=\"margin-top:var(--wp--preset--spacing--40)\">Roya tiene experiencia con culturas de todo el mundo. Esta experiencia y exposici\u00f3n le permite entender muchos problemas sociales. Tiene una pasi\u00f3n por la justicia y el servicio a los dem\u00e1s.<\/p>\n<\/div>\n\n\n\n<div class=\"wp-block-column right is-layout-flow wp-block-column-is-layout-flow\">\n<div class=\"wp-block-cover is-light\"><span aria-hidden=\"true\" class=\"wp-block-cover__background has-background-dim-0 has-background-dim\" style=\"background-color:#b7a99f\"><\/span><img loading=\"lazy\" decoding=\"async\" width=\"800\" height=\"534\" class=\"wp-block-cover__image-background wp-image-635\" alt=\"\" src=\"https:\/\/habichlaw.com\/wp-content\/uploads\/2024\/05\/shutterstock_1078695767.jpg\" style=\"object-position:60% 38%\" data-object-fit=\"cover\" data-object-position=\"60% 38%\" srcset=\"https:\/\/habichlaw.com\/wp-content\/uploads\/2024\/05\/shutterstock_1078695767.jpg 800w, https:\/\/habichlaw.com\/wp-content\/uploads\/2024\/05\/shutterstock_1078695767-300x200.jpg 300w, https:\/\/habichlaw.com\/wp-content\/uploads\/2024\/05\/shutterstock_1078695767-768x513.jpg 768w\" sizes=\"auto, (max-width: 800px) 100vw, 800px\" \/><div class=\"wp-block-cover__inner-container is-layout-constrained wp-block-cover-is-layout-constrained\">\n<p class=\"has-text-align-center has-large-font-size\"><\/p>\n<\/div><\/div>\n<\/div>\n<\/div>\n<\/div>\n\n\n\n<div class=\"wp-block-group two-columns-right-text location-section is-layout-flow wp-block-group-is-layout-flow\">\n<div class=\"wp-block-columns is-layout-flex wp-container-core-columns-is-layout-9d6595d7 wp-block-columns-is-layout-flex\">\n<div class=\"wp-block-column left is-layout-flow wp-block-column-is-layout-flow\">\n<div class=\"wp-block-cover is-light\"><span aria-hidden=\"true\" class=\"wp-block-cover__background has-background-dim-0 has-background-dim\" style=\"background-color:#a8a4a7\"><\/span><img loading=\"lazy\" decoding=\"async\" width=\"800\" height=\"533\" class=\"wp-block-cover__image-background wp-image-632\" alt=\"\" src=\"https:\/\/habichlaw.com\/wp-content\/uploads\/2024\/05\/shutterstock_143254300.jpg\" style=\"object-position:62% 34%\" data-object-fit=\"cover\" data-object-position=\"62% 34%\" srcset=\"https:\/\/habichlaw.com\/wp-content\/uploads\/2024\/05\/shutterstock_143254300.jpg 800w, https:\/\/habichlaw.com\/wp-content\/uploads\/2024\/05\/shutterstock_143254300-300x200.jpg 300w, https:\/\/habichlaw.com\/wp-content\/uploads\/2024\/05\/shutterstock_143254300-768x512.jpg 768w\" sizes=\"auto, (max-width: 800px) 100vw, 800px\" \/><div class=\"wp-block-cover__inner-container is-layout-constrained wp-block-cover-is-layout-constrained\">\n<p class=\"has-text-align-center has-large-font-size\"><\/p>\n<\/div><\/div>\n<\/div>\n\n\n\n<div class=\"wp-block-column right is-layout-flow wp-block-column-is-layout-flow\">\n<h2 class=\"wp-block-heading has-habich-blue-color has-text-color has-link-color wp-elements-80ef804751ed729579557b4942b8b3bd\">Experiencia<\/h2>\n\n\n\n<p style=\"margin-top:var(--wp--preset--spacing--40)\">Roya se gradu\u00f3 de la Universidad de Texas en Austin en 2006. Obtuvo licenciaturas en Historia y en Espa\u00f1ol en el programa de Honores. En 2009, obtuvo su Doctorado en Jurisprudencia de la Facultad de Derecho de la Universidad de Wisconsin. Mientras estaba en la facultad de derecho, Roya fue miembro del Wisconsin International Law Journal. Escribi\u00f3 un art\u00edculo que fue publicado.<\/p>\n<\/div>\n<\/div>\n<\/div>\n\n\n\n<div class=\"wp-block-group habich-resume has-habich-blue-background-color has-background is-layout-flow wp-block-group-is-layout-flow\">\n<div class=\"wp-block-columns main-columns is-layout-flex wp-container-core-columns-is-layout-9d6595d7 wp-block-columns-is-layout-flex\">\n<div class=\"wp-block-column left is-layout-flow wp-block-column-is-layout-flow\" style=\"flex-basis:66.66%\">\n<div class=\"wp-block-columns is-layout-flex wp-container-core-columns-is-layout-9d6595d7 wp-block-columns-is-layout-flex\">\n<div class=\"wp-block-column is-layout-flow wp-block-column-is-layout-flow\">\n<h4 class=\"wp-block-heading has-habich-gold-color has-text-color has-link-color wp-elements-39d70ce9a11b58ae5b09659dabf7c040\">Educaci\u00f3n<\/h4>\n\n\n\n<ul class=\"has-white-color has-text-color has-link-color wp-block-list wp-elements-3b329fbc12ee4fc50a6c4ba407bff826\">\n<li style=\"margin-top:var(--wp--preset--spacing--40)\"><strong>University of Wisconsin<br>Law School at Madison<\/strong><br><em>(J.D., 2009)<\/em><\/li>\n\n\n\n<li><strong>Wisconsin International Law Journal:<br><\/strong><em>Note &amp; Comment Editor; Assistant<br>Symposium Editor.<\/em><\/li>\n\n\n\n<li><strong>Intern to Justice Ann Walsh Bradley<br><\/strong><em>of the Wisconsin Supreme Court.<\/em><\/li>\n\n\n\n<li><strong>The University of Texas at Austin<br><\/strong><em>(B.A. History and Spanish, 2006)<\/em><\/li>\n<\/ul>\n<\/div>\n\n\n\n<div class=\"wp-block-column is-layout-flow wp-block-column-is-layout-flow\">\n<h4 class=\"wp-block-heading has-habich-gold-color has-text-color has-link-color wp-elements-24e3b98b1fceb7aebec1db422f2f664e\">Publicaci\u00f3n<\/h4>\n\n\n\n<ul style=\"margin-top:var(--wp--preset--spacing--40)\" class=\"has-white-color has-text-color has-link-color wp-block-list wp-elements-882dd5b41cfe7ab4276470cfae4b1705\">\n<li><strong>\u201cFrance, Love it or Leave it\u201d<\/strong><br><em>New French Law Restricts Family<br>Reunification, 27 Wis. Int\u2019l L. J. 335<br>(2009).<\/em><\/li>\n<\/ul>\n\n\n\n<h4 class=\"wp-block-heading has-habich-gold-color has-text-color has-link-color wp-elements-11b3c799b3746cd8bea25fae76a000ac\" style=\"margin-top:var(--wp--preset--spacing--60)\">Licencias y Membres\u00edas<\/h4>\n\n\n\n<ul style=\"margin-top:var(--wp--preset--spacing--40)\" class=\"has-white-color has-text-color has-link-color wp-block-list wp-elements-8eb9756a1fffa4267de03a7e5b125a38\">\n<li><strong>State Bar of Wisconsin<\/strong><\/li>\n\n\n\n<li><strong>State Bar of Arizona<\/strong><\/li>\n\n\n\n<li><strong>Federal District Court of Arizona<\/strong><\/li>\n\n\n\n<li><strong>American Immigration Lawyers Association (AILA)<\/strong><\/li>\n<\/ul>\n<\/div>\n\n\n\n<div class=\"wp-block-column is-layout-flow wp-block-column-is-layout-flow\">\n<h4 class=\"wp-block-heading has-habich-gold-color has-text-color has-link-color wp-elements-f6fded32eeae05ee41325dd401dddf38\">Premios y Posiciones<\/h4>\n\n\n\n<ul class=\"has-white-color has-text-color has-link-color wp-block-list wp-elements-fea6eb44874f5e91d1bd19721e163a23\">\n<li style=\"margin-top:var(--wp--preset--spacing--40)\"><strong>Rated \u201cTop 3 Immigration Lawyers in Phoenix, Arizona\u201d <\/strong><br>by T<em>hreeBestRated.com from 2016 to the present<\/em>.<\/li>\n\n\n\n<li><strong>Chair of the State Bar of Arizona\u2019s Immigration Law Section<\/strong><br><em>for 2015 \u2013 2016.<\/em><\/li>\n<\/ul>\n\n\n\n<h4 class=\"wp-block-heading has-habich-gold-color has-text-color has-link-color wp-elements-88311072ca619430e381ad083cbb26d9\" style=\"margin-top:var(--wp--preset--spacing--60)\">Idiomas<\/h4>\n\n\n\n<ul style=\"margin-top:var(--wp--preset--spacing--40)\" class=\"has-white-color has-text-color has-link-color wp-block-list wp-elements-7b37a0e6893b9efb52783b998241d1c6\">\n<li><strong>English<\/strong><\/li>\n\n\n\n<li><strong>Persian<\/strong><\/li>\n\n\n\n<li><strong>Spanish<\/strong><\/li>\n<\/ul>\n<\/div>\n<\/div>\n<\/div>\n\n\n\n<div class=\"wp-block-column right is-layout-flow wp-block-column-is-layout-flow\" style=\"flex-basis:33.33%\">\n<div class=\"wp-block-cover is-light\"><span aria-hidden=\"true\" class=\"wp-block-cover__background has-background-dim-0 has-background-dim\" style=\"background-color:#bab5a0\"><\/span><img loading=\"lazy\" decoding=\"async\" width=\"705\" height=\"725\" class=\"wp-block-cover__image-background wp-image-340\" alt=\"\" src=\"https:\/\/habichlaw.com\/wp-content\/uploads\/2024\/05\/Mask-Group-18.jpg\" style=\"object-position:50% 20%\" data-object-fit=\"cover\" data-object-position=\"50% 20%\" srcset=\"https:\/\/habichlaw.com\/wp-content\/uploads\/2024\/05\/Mask-Group-18.jpg 705w, https:\/\/habichlaw.com\/wp-content\/uploads\/2024\/05\/Mask-Group-18-292x300.jpg 292w\" sizes=\"auto, (max-width: 705px) 100vw, 705px\" \/><div class=\"wp-block-cover__inner-container is-layout-constrained wp-block-cover-is-layout-constrained\">\n<p class=\"has-text-align-center has-large-font-size\"><\/p>\n<\/div><\/div>\n<\/div>\n<\/div>\n<\/div>\n\n\n\n<div class=\"wp-block-group two-columns-left-text about-section is-layout-flow wp-block-group-is-layout-flow\">\n<div class=\"wp-block-columns is-layout-flex wp-container-core-columns-is-layout-9d6595d7 wp-block-columns-is-layout-flex\">\n<div class=\"wp-block-column left is-layout-flow wp-block-column-is-layout-flow\">\n<h2 class=\"wp-block-heading has-habich-blue-color has-text-color has-link-color wp-elements-b68c1cd3b50eac487864dd90541d64f4\">Devolviendo a la Comunidad<\/h2>\n\n\n\n<p style=\"margin-top:var(--wp--preset--spacing--40)\">En su tiempo libre, Roya participa en programas locales que buscan empoderar a los adolescentes. Ella espera ayudarles a enfocar su energ\u00eda juvenil en iniciar y liderar proyectos para mejorar sus propias comunidades.<\/p>\n<\/div>\n\n\n\n<div class=\"wp-block-column right is-layout-flow wp-block-column-is-layout-flow\">\n<div class=\"wp-block-cover is-light\"><span aria-hidden=\"true\" class=\"wp-block-cover__background has-background-dim-0 has-background-dim\" style=\"background-color:#b7a99f\"><\/span><img loading=\"lazy\" decoding=\"async\" width=\"894\" height=\"596\" class=\"wp-block-cover__image-background wp-image-534\" alt=\"\" src=\"https:\/\/habichlaw.com\/wp-content\/uploads\/2024\/05\/Image-12.jpg\" style=\"object-position:59% 24%\" data-object-fit=\"cover\" data-object-position=\"59% 24%\" srcset=\"https:\/\/habichlaw.com\/wp-content\/uploads\/2024\/05\/Image-12.jpg 894w, https:\/\/habichlaw.com\/wp-content\/uploads\/2024\/05\/Image-12-300x200.jpg 300w, https:\/\/habichlaw.com\/wp-content\/uploads\/2024\/05\/Image-12-768x512.jpg 768w\" sizes=\"auto, (max-width: 894px) 100vw, 894px\" \/><div class=\"wp-block-cover__inner-container is-layout-constrained wp-block-cover-is-layout-constrained\">\n<p class=\"has-text-align-center has-large-font-size\"><\/p>\n<\/div><\/div>\n<\/div>\n<\/div>\n<\/div>\n","protected":false},"excerpt":{"rendered":"<p>Learn more about Roya Habich and what inspired her to become an immigration law attorney. Vida Temprana Aunque naci\u00f3 en Memphis, Tennessee, los padres de Roya son originarios del Medio Oriente. Roya ha viajado por el mundo aprendiendo sobre otras culturas, idiomas, personas y comidas. Ha ense\u00f1ado ingl\u00e9s en China y ha estudiado en Turqu\u00eda &hellip; <a href=\"https:\/\/habichlaw.com\/es\/perfil-del-abogado\/\">Continued<\/a><\/p>\n","protected":false},"author":1,"featured_media":792,"parent":0,"menu_order":0,"comment_status":"closed","ping_status":"closed","template":"","meta":{"_acf_changed":false,"footnotes":""},"class_list":["post-716","page","type-page","status-publish","has-post-thumbnail","hentry"],"acf":[],"yoast_head":"<!-- This site is optimized with the Yoast SEO plugin v23.3 - https:\/\/yoast.com\/wordpress\/plugins\/seo\/ -->\n<title>Abogada de Inmigraci\u00f3n - Habich Law PLC, Phoenix, AZ<\/title>\n<meta name=\"description\" content=\"Conozca a Roya D. Habich, una abogada de inmigraci\u00f3n dedicada en Habich Law PLC en Phoenix, AZ. Descubra su experiencia, educaci\u00f3n y pasi\u00f3n por la justicia.\" \/>\n<meta name=\"robots\" content=\"index, follow, max-snippet:-1, max-image-preview:large, max-video-preview:-1\" \/>\n<link rel=\"canonical\" href=\"https:\/\/habichlaw.com\/es\/perfil-del-abogado\/\" \/>\n<meta property=\"og:locale\" content=\"es_ES\" \/>\n<meta property=\"og:type\" content=\"article\" \/>\n<meta property=\"og:title\" content=\"Abogada de Inmigraci\u00f3n - Habich Law PLC, Phoenix, AZ\" \/>\n<meta property=\"og:description\" content=\"Conozca a Roya D. Habich, una abogada de inmigraci\u00f3n dedicada en Habich Law PLC en Phoenix, AZ. Descubra su experiencia, educaci\u00f3n y pasi\u00f3n por la justicia.\" \/>\n<meta property=\"og:url\" content=\"https:\/\/habichlaw.com\/es\/perfil-del-abogado\/\" \/>\n<meta property=\"og:site_name\" content=\"Habich Law\" \/>\n<meta property=\"article:modified_time\" content=\"2024-05-27T18:36:22+00:00\" \/>\n<meta property=\"og:image\" content=\"https:\/\/habichlaw.com\/wp-content\/uploads\/2024\/05\/about-02-1.jpg\" \/>\n\t<meta property=\"og:image:width\" content=\"813\" \/>\n\t<meta property=\"og:image:height\" content=\"813\" \/>\n\t<meta property=\"og:image:type\" content=\"image\/jpeg\" \/>\n<meta name=\"twitter:card\" content=\"summary_large_image\" \/>\n<meta name=\"twitter:label1\" content=\"Tiempo de lectura\" \/>\n\t<meta name=\"twitter:data1\" content=\"3 minutos\" \/>\n<script type=\"application\/ld+json\" class=\"yoast-schema-graph\">{\"@context\":\"https:\/\/schema.org\",\"@graph\":[{\"@type\":\"WebPage\",\"@id\":\"https:\/\/habichlaw.com\/es\/perfil-del-abogado\/\",\"url\":\"https:\/\/habichlaw.com\/es\/perfil-del-abogado\/\",\"name\":\"Abogada de Inmigraci\u00f3n - Habich Law PLC, Phoenix, AZ\",\"isPartOf\":{\"@id\":\"https:\/\/habichlaw.com\/es\/#website\"},\"primaryImageOfPage\":{\"@id\":\"https:\/\/habichlaw.com\/es\/perfil-del-abogado\/#primaryimage\"},\"image\":{\"@id\":\"https:\/\/habichlaw.com\/es\/perfil-del-abogado\/#primaryimage\"},\"thumbnailUrl\":\"https:\/\/habichlaw.com\/wp-content\/uploads\/2024\/05\/about-02-1.jpg\",\"datePublished\":\"2024-04-30T21:12:43+00:00\",\"dateModified\":\"2024-05-27T18:36:22+00:00\",\"description\":\"Conozca a Roya D. Habich, una abogada de inmigraci\u00f3n dedicada en Habich Law PLC en Phoenix, AZ. Descubra su experiencia, educaci\u00f3n y pasi\u00f3n por la justicia.\",\"breadcrumb\":{\"@id\":\"https:\/\/habichlaw.com\/es\/perfil-del-abogado\/#breadcrumb\"},\"inLanguage\":\"es\",\"potentialAction\":[{\"@type\":\"ReadAction\",\"target\":[\"https:\/\/habichlaw.com\/es\/perfil-del-abogado\/\"]}]},{\"@type\":\"ImageObject\",\"inLanguage\":\"es\",\"@id\":\"https:\/\/habichlaw.com\/es\/perfil-del-abogado\/#primaryimage\",\"url\":\"https:\/\/habichlaw.com\/wp-content\/uploads\/2024\/05\/about-02-1.jpg\",\"contentUrl\":\"https:\/\/habichlaw.com\/wp-content\/uploads\/2024\/05\/about-02-1.jpg\",\"width\":813,\"height\":813},{\"@type\":\"BreadcrumbList\",\"@id\":\"https:\/\/habichlaw.com\/es\/perfil-del-abogado\/#breadcrumb\",\"itemListElement\":[{\"@type\":\"ListItem\",\"position\":1,\"name\":\"Home\",\"item\":\"https:\/\/habichlaw.com\/es\/\"},{\"@type\":\"ListItem\",\"position\":2,\"name\":\"Acerca de\"}]},{\"@type\":\"WebSite\",\"@id\":\"https:\/\/habichlaw.com\/es\/#website\",\"url\":\"https:\/\/habichlaw.com\/es\/\",\"name\":\"Habich Law\",\"description\":\"\",\"potentialAction\":[{\"@type\":\"SearchAction\",\"target\":{\"@type\":\"EntryPoint\",\"urlTemplate\":\"https:\/\/habichlaw.com\/es\/?s={search_term_string}\"},\"query-input\":\"required name=search_term_string\"}],\"inLanguage\":\"es\"}]}<\/script>\n<!-- \/ Yoast SEO plugin. -->","yoast_head_json":{"title":"Abogada de Inmigraci\u00f3n - Habich Law PLC, Phoenix, AZ","description":"Conozca a Roya D. Habich, una abogada de inmigraci\u00f3n dedicada en Habich Law PLC en Phoenix, AZ. Descubra su experiencia, educaci\u00f3n y pasi\u00f3n por la justicia.","robots":{"index":"index","follow":"follow","max-snippet":"max-snippet:-1","max-image-preview":"max-image-preview:large","max-video-preview":"max-video-preview:-1"},"canonical":"https:\/\/habichlaw.com\/es\/perfil-del-abogado\/","og_locale":"es_ES","og_type":"article","og_title":"Abogada de Inmigraci\u00f3n - Habich Law PLC, Phoenix, AZ","og_description":"Conozca a Roya D. Habich, una abogada de inmigraci\u00f3n dedicada en Habich Law PLC en Phoenix, AZ. Descubra su experiencia, educaci\u00f3n y pasi\u00f3n por la justicia.","og_url":"https:\/\/habichlaw.com\/es\/perfil-del-abogado\/","og_site_name":"Habich Law","article_modified_time":"2024-05-27T18:36:22+00:00","og_image":[{"width":813,"height":813,"url":"https:\/\/habichlaw.com\/wp-content\/uploads\/2024\/05\/about-02-1.jpg","type":"image\/jpeg"}],"twitter_card":"summary_large_image","twitter_misc":{"Tiempo de lectura":"3 minutos"},"schema":{"@context":"https:\/\/schema.org","@graph":[{"@type":"WebPage","@id":"https:\/\/habichlaw.com\/es\/perfil-del-abogado\/","url":"https:\/\/habichlaw.com\/es\/perfil-del-abogado\/","name":"Abogada de Inmigraci\u00f3n - Habich Law PLC, Phoenix, AZ","isPartOf":{"@id":"https:\/\/habichlaw.com\/es\/#website"},"primaryImageOfPage":{"@id":"https:\/\/habichlaw.com\/es\/perfil-del-abogado\/#primaryimage"},"image":{"@id":"https:\/\/habichlaw.com\/es\/perfil-del-abogado\/#primaryimage"},"thumbnailUrl":"https:\/\/habichlaw.com\/wp-content\/uploads\/2024\/05\/about-02-1.jpg","datePublished":"2024-04-30T21:12:43+00:00","dateModified":"2024-05-27T18:36:22+00:00","description":"Conozca a Roya D. Habich, una abogada de inmigraci\u00f3n dedicada en Habich Law PLC en Phoenix, AZ. Descubra su experiencia, educaci\u00f3n y pasi\u00f3n por la justicia.","breadcrumb":{"@id":"https:\/\/habichlaw.com\/es\/perfil-del-abogado\/#breadcrumb"},"inLanguage":"es","potentialAction":[{"@type":"ReadAction","target":["https:\/\/habichlaw.com\/es\/perfil-del-abogado\/"]}]},{"@type":"ImageObject","inLanguage":"es","@id":"https:\/\/habichlaw.com\/es\/perfil-del-abogado\/#primaryimage","url":"https:\/\/habichlaw.com\/wp-content\/uploads\/2024\/05\/about-02-1.jpg","contentUrl":"https:\/\/habichlaw.com\/wp-content\/uploads\/2024\/05\/about-02-1.jpg","width":813,"height":813},{"@type":"BreadcrumbList","@id":"https:\/\/habichlaw.com\/es\/perfil-del-abogado\/#breadcrumb","itemListElement":[{"@type":"ListItem","position":1,"name":"Home","item":"https:\/\/habichlaw.com\/es\/"},{"@type":"ListItem","position":2,"name":"Acerca de"}]},{"@type":"WebSite","@id":"https:\/\/habichlaw.com\/es\/#website","url":"https:\/\/habichlaw.com\/es\/","name":"Habich Law","description":"","potentialAction":[{"@type":"SearchAction","target":{"@type":"EntryPoint","urlTemplate":"https:\/\/habichlaw.com\/es\/?s={search_term_string}"},"query-input":"required name=search_term_string"}],"inLanguage":"es"}]}},"_links":{"self":[{"href":"https:\/\/habichlaw.com\/es\/wp-json\/wp\/v2\/pages\/716","targetHints":{"allow":["GET"]}}],"collection":[{"href":"https:\/\/habichlaw.com\/es\/wp-json\/wp\/v2\/pages"}],"about":[{"href":"https:\/\/habichlaw.com\/es\/wp-json\/wp\/v2\/types\/page"}],"author":[{"embeddable":true,"href":"https:\/\/habichlaw.com\/es\/wp-json\/wp\/v2\/users\/1"}],"replies":[{"embeddable":true,"href":"https:\/\/habichlaw.com\/es\/wp-json\/wp\/v2\/comments?post=716"}],"version-history":[{"count":1,"href":"https:\/\/habichlaw.com\/es\/wp-json\/wp\/v2\/pages\/716\/revisions"}],"predecessor-version":[{"id":718,"href":"https:\/\/habichlaw.com\/es\/wp-json\/wp\/v2\/pages\/716\/revisions\/718"}],"wp:featuredmedia":[{"embeddable":true,"href":"https:\/\/habichlaw.com\/es\/wp-json\/wp\/v2\/media\/792"}],"wp:attachment":[{"href":"https:\/\/habichlaw.com\/es\/wp-json\/wp\/v2\/media?parent=716"}],"curies":[{"name":"wp","href":"https:\/\/api.w.org\/{rel}","templated":true}]}}